{"id":873,"date":"2026-01-02T13:01:25","date_gmt":"2026-01-02T12:01:25","guid":{"rendered":"https:\/\/stall-weingarten.de\/?page_id=873"},"modified":"2026-03-18T14:02:43","modified_gmt":"2026-03-18T13:02:43","slug":"termine-2026","status":"publish","type":"page","link":"https:\/\/stall-weingarten.de\/index.php\/termine-2026\/","title":{"rendered":"Termine 2026"},"content":{"rendered":"<section id=\"termine-2026\" class=\"termine\">\n<h2>Termine 2026<\/h2>\n<p><!-- JANUAR --><\/p>\n<section id=\"januar-2026\" class=\"monat\">\n<h3>Januar<\/h3>\n<ul class=\"terminliste\">\n<li><span class=\"wochentag\">Sonntag<\/span>:<br \/>\n<span class=\"titel\">Freispringen<\/span><br \/>\n<span class=\"hinweis\">(Termin nach Witterung)<\/span><\/li>\n<\/ul>\n<\/section>\n<p><!-- FEBRUAR --><\/p>\n<section id=\"februar-2026\" class=\"monat\">\n<h3>Februar<\/h3>\n<ul class=\"terminliste\">\n<li><time datetime=\"2026-02-14\">14.02.2026<\/time><br \/>\n<a href=\"https:\/\/stall-weingarten.de\/index.php\/karneval-2026\/\"><span class=\"titel\">Ponytag Karneval<\/span><\/a><\/li>\n<li><time datetime=\"2026-02-17\">17.02.2026<\/time><br \/>\n<a href=\"https:\/\/stall-weingarten.de\/index.php\/karneval-2026\/\"><span class=\"titel\">Ponytag Karneval<\/span><\/a><\/li>\n<\/ul>\n<\/section>\n<p><!-- M\u00c4RZ --><\/p>\n<section id=\"maerz-2026\" class=\"monat\">\n<h3>M\u00e4rz<\/h3>\n<ul class=\"terminliste\">\n<li><time datetime=\"2026-03-01\">01.03.2026<\/time><br \/>\n<span class=\"titel\">Ponywanderung in den Fr\u00fchling<\/span><\/li>\n<li><time datetime=\"2026-03-21\">21.03.2026<\/time><br \/>\n<span class=\"titel\">Ponytag Fr\u00fchling<\/span><\/li>\n<li><time datetime=\"2026-03-22\">22.03.2026<\/time><br \/>\n<span class=\"titel\">Bunnyritt\/Wanderung<\/span><br \/>\n<span class=\"hinweis\">Wanderung mit Osterfeuer<\/span><\/li>\n<li><time datetime=\"2026-03-30\">30.03.2026<\/time> \u2013 <time datetime=\"2026-04-04\">02.04.2026<\/time><br \/>\n<a href=\"https:\/\/stall-weingarten.de\/index.php\/osterfreizeit-2026\/\"><span class=\"titel\">Osterfreizeit<\/span><\/a><\/li>\n<\/ul>\n<\/section>\n<p><!-- APRIL --><\/p>\n<section id=\"april-2026\" class=\"monat\">\n<h3>April<\/h3>\n<ul class=\"terminliste\">\n<li><time datetime=\"2026-04-09\">09.04.2026<\/time><br \/>\n<span class=\"titel\">Tageserlebniskurs mit Pony nach Linda Tellington Jones\u00ae<\/span><br \/>\n<span class=\"untertitel\">mit <a href=\"https:\/\/stall-weingarten.de\/index.php\/tellington-einfuehrungskurs\/\">TTouch Practitioner\u00ae Ariane Nerowski<\/a><\/span><\/li>\n<li><time datetime=\"2026-04-10\">10.04.2026<\/time><br \/>\n<span class=\"titel\">Ponytag Fr\u00fchling<\/span><\/li>\n<li><span class=\"titel\">18.04.2026<br \/>\nIntensivkurs f\u00fcr digitale Navigation mit Andreas Baldauf<\/span><br \/>\n<a href=\"https:\/\/mitpferdeninderspur.webnode.page\/kurs-rhein-westerwald\/\" target=\"_blank\" rel=\"noopener\">https:\/\/mitpferdeninderspur.webnode.page\/kurs-rhein-westerwald\/<\/a><\/li>\n<\/ul>\n<\/section>\n<p><!-- MAI --><\/p>\n<section id=\"mai-2026\" class=\"monat\">\n<h3>Mai<\/h3>\n<ul class=\"terminliste\">\n<li><time datetime=\"2026-05-01\">01.05.2026<\/time><br \/>\n<span class=\"titel\">Wir wandern mit den Ponys in den Mai<\/span><\/li>\n<li><time datetime=\"2026-05-01\">01.05.2026<\/time> \u2013 <time datetime=\"2026-05-03\">03.05.2026<\/time><br \/>\n<span class=\"titel\">Sechs T\u00e4ler im Fr\u00fchling<\/span><br \/>\n<span class=\"hinweis\">Wanderritt<\/span><\/li>\n<li><time datetime=\"2026-05-10\">10.05.2026<\/time><br \/>\n<span class=\"titel\">Muttertagspaziergang mit den Ponys<\/span><\/li>\n<li><time datetime=\"2026-05-25\">25.05.2026<\/time><br \/>\n<span class=\"titel\">Pfingstwanderung mit den Ponys<\/span><\/li>\n<li><time datetime=\"2026-05-25\">25.05.2026<\/time><br \/>\n<span class=\"titel\">Ponytag<\/span><\/li>\n<li><time datetime=\"2026-05-30\">30.05.2026<\/time> \u2013 <time datetime=\"2026-05-31\">31.05.2026<\/time><br \/>\n<span class=\"titel\">Extremtrailkurs mit Tommy Freundlich<\/span><\/li>\n<\/ul>\n<\/section>\n<p><!-- JUNI --><\/p>\n<section id=\"juni-2026\" class=\"monat\">\n<h3>Juni<\/h3>\n<ul class=\"terminliste\">\n<li><time datetime=\"2026-06-13\">13.06.2026<\/time><br \/>\n<span class=\"titel\">Tageserlebniskurs mit Pony nach Linda Tellington Jones\u00ae<\/span><br \/>\n<span class=\"untertitel\">mit TTouch Practitioner\u00ae Ariane Nerowski<\/span><\/li>\n<\/ul>\n<\/section>\n<p><!-- JULI --><\/p>\n<section id=\"juli-2026\" class=\"monat\">\n<h3>Juli<\/h3>\n<p class=\"hinweis\">Keine Termine angegeben.<\/p>\n<\/section>\n<p><!-- AUGUST --><\/p>\n<section id=\"august-2026\" class=\"monat\">\n<h3>August<\/h3>\n<ul class=\"terminliste\">\n<li><time datetime=\"2026-01-17\">22. und 23.08.2026<br \/>\n<\/time>Hufkurs mit <a href=\"https:\/\/www.facebook.com\/profile.php?id=61583690887166\" target=\"_blank\" rel=\"noopener\">Martin Br\u00f6sel<\/a><\/li>\n<\/ul>\n<p class=\"hinweis\">Termine f\u00fcr Ponytage und Wanderungen folgen.<\/p>\n<\/section>\n<p><!-- SEPTEMBER --><\/p>\n<section id=\"september-2026\" class=\"monat\">\n<h3>September<\/h3>\n<ul class=\"terminliste\">\n<li><time datetime=\"2026-01-17\">05.09.2026<\/time><br \/>\n<span class=\"uhrzeit\">\u2022 14:00 Uhr<\/span><br \/>\n<span class=\"titel\">Vorf\u00fchrung Freiarbeit mit <a href=\"https:\/\/stall-weingarten.de\/index.php\/sarah-rieser\/\">Sarah Rieser<\/a><\/span><\/li>\n<li><time datetime=\"2026-09-18\">18.09.2026<\/time> \u2013 <time datetime=\"2026-09-20\">20.09.2026<\/time><br \/>\n<span class=\"titel\">Wanderritt zwischen Rhein und Westerwald<\/span><\/li>\n<\/ul>\n<\/section>\n<p><!-- OKTOBER --><\/p>\n<section id=\"oktober-2026\" class=\"monat\">\n<h3>Oktober<\/h3>\n<p class=\"hinweis\">Termine f\u00fcr Ponytage und Wanderungen folgen.<\/p>\n<\/section>\n<p><!-- NOVEMBER --><\/p>\n<section id=\"november-2026\" class=\"monat\">\n<h3>November<\/h3>\n<ul class=\"terminliste\">\n<li><time datetime=\"2026-11-28\">28.11.2026<\/time><br \/>\n<span class=\"titel\">Weihnachtsfeier<\/span><\/li>\n<\/ul>\n<\/section>\n<p><!-- DEZEMBER \/ INFOS --><\/p>\n<section id=\"dezember-2026\" class=\"monat\">\n<h3>Dezember<\/h3>\n<p><i>F\u00fcr Herbst 2026 sind folgende VfD Abzeichen in Planung:<\/i><\/p>\n<ul class=\"terminliste\">\n<li>Pferdekunde 1<\/li>\n<li>Bodenarbeit<\/li>\n<li>Longieren<\/li>\n<\/ul>\n<h4>Ab M\u00e4rz ist der Ponyclub wieder aktiv<\/h4>\n<ul class=\"wochenplan\">\n<li><strong>Montag:<\/strong> Ponystunde f\u00fcr Kinder im Kindergartenalter (60 Min.) \u2022 Reitstunde f\u00fcr Kinder (90 Min., ausgebucht)<\/li>\n<li><strong>Dienstag:<\/strong> Ponystunde f\u00fcr Kinder im Grundschulalter (60 Min.)<\/li>\n<li><strong>Mittwoch:<\/strong> Ponystunde f\u00fcr Kinder im Kindergartenalter (60 Min.) \u2022 Reitstunde f\u00fcr Kinder (90 Min., ausgebucht)<\/li>\n<li><strong>Donnerstag:<\/strong> Ponystunde f\u00fcr Kinder im Grundschulalter (60 Min.)<\/li>\n<\/ul>\n<h4>Kindergeburtstage &amp; Ponytage<\/h4>\n<ul class=\"wochenplan\">\n<li><strong>Freitag:<\/strong> Kindergeburtstage (auf dem Ponyhof oder bei Ihnen)<\/li>\n<li><strong>Samstag:<\/strong> Kindergeburtstage (auf dem Ponyhof oder bei Ihnen) \u2022 Ponytage \u2022 Ponyspaziergang<\/li>\n<li><strong>Sonntag:<\/strong> Kindergeburtstage (auf dem Ponyhof oder bei Ihnen) \u2022 Ponytage \u2022 Ponyspaziergang<\/li>\n<\/ul>\n<p class=\"hinweis\"><strong>Unser Angebot ist flexibel und kann flexibel und individuell nach Ihren W\u00fcnschen angepasst werden.<\/strong><\/p>\n<\/section>\n<\/section>\n<p>&nbsp;<\/p>\n<p style=\"font-weight: 400;\"><strong>Infos unter:<\/strong><\/p>\n<p style=\"font-weight: 400;\">Andrea Wittlich, Tel. 0171\/7544604<\/p>\n","protected":false},"excerpt":{"rendered":"<p>Termine 2026 Januar Sonntag: Freispringen (Termin nach Witterung) Februar 14.02.2026 Ponytag Karneval 17.02.2026 Ponytag Karneval M\u00e4rz 01.03.2026 Ponywanderung in den Fr\u00fchling 21.03.2026 Ponytag Fr\u00fchling 22.03.2026 Bunnyritt\/Wanderung Wanderung mit Osterfeuer 30.03.2026 \u2013 02.04.2026 Osterfreizeit April 09.04.2026 Tageserlebniskurs mit Pony nach Linda&#8230; <a class=\"more-link\" href=\"https:\/\/stall-weingarten.de\/index.php\/termine-2026\/\">Weiterlesen &rarr;<\/a><\/p>\n","protected":false},"author":5,"featured_media":0,"parent":0,"menu_order":0,"comment_status":"closed","ping_status":"closed","template":"","meta":{"ngg_post_thumbnail":0,"footnotes":""},"yoast_head":"<!-- This site is optimized with the Yoast SEO plugin v19.5.1 - https:\/\/yoast.com\/wordpress\/plugins\/seo\/ -->\n<title>Termine 2026 - Hof Weingarten<\/title>\n<meta name=\"robots\" content=\"index, follow, max-snippet:-1, max-image-preview:large, max-video-preview:-1\" \/>\n<link rel=\"canonical\" href=\"https:\/\/stall-weingarten.de\/index.php\/termine-2026\/\" \/>\n<meta property=\"og:locale\" content=\"de_DE\" \/>\n<meta property=\"og:type\" content=\"article\" \/>\n<meta property=\"og:title\" content=\"Termine 2026 - Hof Weingarten\" \/>\n<meta property=\"og:description\" content=\"Termine 2026 Januar Sonntag: Freispringen (Termin nach Witterung) Februar 14.02.2026 Ponytag Karneval 17.02.2026 Ponytag Karneval M\u00e4rz 01.03.2026 Ponywanderung in den Fr\u00fchling 21.03.2026 Ponytag Fr\u00fchling 22.03.2026 Bunnyritt\/Wanderung Wanderung mit Osterfeuer 30.03.2026 \u2013 02.04.2026 Osterfreizeit April 09.04.2026 Tageserlebniskurs mit Pony nach Linda... Weiterlesen &rarr;\" \/>\n<meta property=\"og:url\" content=\"https:\/\/stall-weingarten.de\/index.php\/termine-2026\/\" \/>\n<meta property=\"og:site_name\" content=\"Hof Weingarten\" \/>\n<meta property=\"article:modified_time\" content=\"2026-03-18T13:02:43+00:00\" \/>\n<meta name=\"twitter:card\" content=\"summary\" \/>\n<meta name=\"twitter:label1\" content=\"Gesch\u00e4tzte Lesezeit\" \/>\n\t<meta name=\"twitter:data1\" content=\"1 Minute\" \/>\n<script type=\"application\/ld+json\" class=\"yoast-schema-graph\">{\"@context\":\"https:\/\/schema.org\",\"@graph\":[{\"@type\":\"WebPage\",\"@id\":\"https:\/\/stall-weingarten.de\/index.php\/termine-2026\/\",\"url\":\"https:\/\/stall-weingarten.de\/index.php\/termine-2026\/\",\"name\":\"Termine 2026 - Hof Weingarten\",\"isPartOf\":{\"@id\":\"https:\/\/stall-weingarten.de\/#website\"},\"datePublished\":\"2026-01-02T12:01:25+00:00\",\"dateModified\":\"2026-03-18T13:02:43+00:00\",\"breadcrumb\":{\"@id\":\"https:\/\/stall-weingarten.de\/index.php\/termine-2026\/#breadcrumb\"},\"inLanguage\":\"de-DE\",\"potentialAction\":[{\"@type\":\"ReadAction\",\"target\":[\"https:\/\/stall-weingarten.de\/index.php\/termine-2026\/\"]}]},{\"@type\":\"BreadcrumbList\",\"@id\":\"https:\/\/stall-weingarten.de\/index.php\/termine-2026\/#breadcrumb\",\"itemListElement\":[{\"@type\":\"ListItem\",\"position\":1,\"name\":\"Startseite\",\"item\":\"https:\/\/stall-weingarten.de\/\"},{\"@type\":\"ListItem\",\"position\":2,\"name\":\"Termine 2026\"}]},{\"@type\":\"WebSite\",\"@id\":\"https:\/\/stall-weingarten.de\/#website\",\"url\":\"https:\/\/stall-weingarten.de\/\",\"name\":\"Hof Weingarten\",\"description\":\"Pferdepension &amp; Wanderreitstation\",\"publisher\":{\"@id\":\"https:\/\/stall-weingarten.de\/#\/schema\/person\/ca106827ebd052b83d652c5b12d2c0f3\"},\"potentialAction\":[{\"@type\":\"SearchAction\",\"target\":{\"@type\":\"EntryPoint\",\"urlTemplate\":\"https:\/\/stall-weingarten.de\/?s={search_term_string}\"},\"query-input\":\"required name=search_term_string\"}],\"inLanguage\":\"de-DE\"},{\"@type\":[\"Person\",\"Organization\"],\"@id\":\"https:\/\/stall-weingarten.de\/#\/schema\/person\/ca106827ebd052b83d652c5b12d2c0f3\",\"name\":\"Andrea Wittlich\",\"image\":{\"@type\":\"ImageObject\",\"inLanguage\":\"de-DE\",\"@id\":\"https:\/\/stall-weingarten.de\/#\/schema\/person\/image\/\",\"url\":\"https:\/\/secure.gravatar.com\/avatar\/15ec4d3210784bd1805dce609e677d23?s=96&d=mm&r=g\",\"contentUrl\":\"https:\/\/secure.gravatar.com\/avatar\/15ec4d3210784bd1805dce609e677d23?s=96&d=mm&r=g\",\"caption\":\"Andrea Wittlich\"},\"logo\":{\"@id\":\"https:\/\/stall-weingarten.de\/#\/schema\/person\/image\/\"},\"sameAs\":[\"http:\/\/Stall-Weingarten.de\"]}]}<\/script>\n<!-- \/ Yoast SEO plugin. -->","yoast_head_json":{"title":"Termine 2026 - Hof Weingarten","robots":{"index":"index","follow":"follow","max-snippet":"max-snippet:-1","max-image-preview":"max-image-preview:large","max-video-preview":"max-video-preview:-1"},"canonical":"https:\/\/stall-weingarten.de\/index.php\/termine-2026\/","og_locale":"de_DE","og_type":"article","og_title":"Termine 2026 - Hof Weingarten","og_description":"Termine 2026 Januar Sonntag: Freispringen (Termin nach Witterung) Februar 14.02.2026 Ponytag Karneval 17.02.2026 Ponytag Karneval M\u00e4rz 01.03.2026 Ponywanderung in den Fr\u00fchling 21.03.2026 Ponytag Fr\u00fchling 22.03.2026 Bunnyritt\/Wanderung Wanderung mit Osterfeuer 30.03.2026 \u2013 02.04.2026 Osterfreizeit April 09.04.2026 Tageserlebniskurs mit Pony nach Linda... Weiterlesen &rarr;","og_url":"https:\/\/stall-weingarten.de\/index.php\/termine-2026\/","og_site_name":"Hof Weingarten","article_modified_time":"2026-03-18T13:02:43+00:00","twitter_card":"summary","twitter_misc":{"Gesch\u00e4tzte Lesezeit":"1 Minute"},"schema":{"@context":"https:\/\/schema.org","@graph":[{"@type":"WebPage","@id":"https:\/\/stall-weingarten.de\/index.php\/termine-2026\/","url":"https:\/\/stall-weingarten.de\/index.php\/termine-2026\/","name":"Termine 2026 - Hof Weingarten","isPartOf":{"@id":"https:\/\/stall-weingarten.de\/#website"},"datePublished":"2026-01-02T12:01:25+00:00","dateModified":"2026-03-18T13:02:43+00:00","breadcrumb":{"@id":"https:\/\/stall-weingarten.de\/index.php\/termine-2026\/#breadcrumb"},"inLanguage":"de-DE","potentialAction":[{"@type":"ReadAction","target":["https:\/\/stall-weingarten.de\/index.php\/termine-2026\/"]}]},{"@type":"BreadcrumbList","@id":"https:\/\/stall-weingarten.de\/index.php\/termine-2026\/#breadcrumb","itemListElement":[{"@type":"ListItem","position":1,"name":"Startseite","item":"https:\/\/stall-weingarten.de\/"},{"@type":"ListItem","position":2,"name":"Termine 2026"}]},{"@type":"WebSite","@id":"https:\/\/stall-weingarten.de\/#website","url":"https:\/\/stall-weingarten.de\/","name":"Hof Weingarten","description":"Pferdepension &amp; Wanderreitstation","publisher":{"@id":"https:\/\/stall-weingarten.de\/#\/schema\/person\/ca106827ebd052b83d652c5b12d2c0f3"},"potentialAction":[{"@type":"SearchAction","target":{"@type":"EntryPoint","urlTemplate":"https:\/\/stall-weingarten.de\/?s={search_term_string}"},"query-input":"required name=search_term_string"}],"inLanguage":"de-DE"},{"@type":["Person","Organization"],"@id":"https:\/\/stall-weingarten.de\/#\/schema\/person\/ca106827ebd052b83d652c5b12d2c0f3","name":"Andrea Wittlich","image":{"@type":"ImageObject","inLanguage":"de-DE","@id":"https:\/\/stall-weingarten.de\/#\/schema\/person\/image\/","url":"https:\/\/secure.gravatar.com\/avatar\/15ec4d3210784bd1805dce609e677d23?s=96&d=mm&r=g","contentUrl":"https:\/\/secure.gravatar.com\/avatar\/15ec4d3210784bd1805dce609e677d23?s=96&d=mm&r=g","caption":"Andrea Wittlich"},"logo":{"@id":"https:\/\/stall-weingarten.de\/#\/schema\/person\/image\/"},"sameAs":["http:\/\/Stall-Weingarten.de"]}]}},"_links":{"self":[{"href":"https:\/\/stall-weingarten.de\/index.php\/wp-json\/wp\/v2\/pages\/873"}],"collection":[{"href":"https:\/\/stall-weingarten.de\/index.php\/wp-json\/wp\/v2\/pages"}],"about":[{"href":"https:\/\/stall-weingarten.de\/index.php\/wp-json\/wp\/v2\/types\/page"}],"author":[{"embeddable":true,"href":"https:\/\/stall-weingarten.de\/index.php\/wp-json\/wp\/v2\/users\/5"}],"replies":[{"embeddable":true,"href":"https:\/\/stall-weingarten.de\/index.php\/wp-json\/wp\/v2\/comments?post=873"}],"version-history":[{"count":15,"href":"https:\/\/stall-weingarten.de\/index.php\/wp-json\/wp\/v2\/pages\/873\/revisions"}],"predecessor-version":[{"id":925,"href":"https:\/\/stall-weingarten.de\/index.php\/wp-json\/wp\/v2\/pages\/873\/revisions\/925"}],"wp:attachment":[{"href":"https:\/\/stall-weingarten.de\/index.php\/wp-json\/wp\/v2\/media?parent=873"}],"curies":[{"name":"wp","href":"https:\/\/api.w.org\/{rel}","templated":true}]}}